{"id":1431,"date":"2019-09-16T09:00:35","date_gmt":"2019-09-16T09:00:35","guid":{"rendered":"https:\/\/the7.io\/yoga\/?page_id=23"},"modified":"2023-02-13T20:43:56","modified_gmt":"2023-02-13T19:43:56","slug":"home","status":"publish","type":"page","link":"https:\/\/www.ergotherapie-martina-gebhard.de\/cms\/","title":{"rendered":"Home"},"content":{"rendered":"<div class=\"wpb-content-wrapper\"><p>[vc_row content_placement=&#8220;middle&#8220; bg_type=&#8220;image&#8220; parallax_style=&#8220;vcpb-vz-jquery&#8220; bg_image_new=&#8220;id^1936|url^https:\/\/www.ergotherapie-martina-gebhard.de\/cms\/wp-content\/uploads\/2022\/12\/Hintergrundbild-hoch-scaled-e1670420287961.jpg|caption^null|alt^null|title^Hintergrundbild hoch|description^null&#8220; bg_image_repeat=&#8220;no-repeat&#8220; bg_override=&#8220;browser_size&#8220; disable_on_mobile_img_parallax=&#8220;disable_on_mobile_img_parallax_value&#8220; css=&#8220;.vc_custom_1670420290810{background-position: center !important;background-repeat: no-repeat !important;background-size: cover !important;}&#8220;][vc_column css_animation=&#8220;fadeInUp&#8220; width=&#8220;1\/2&#8243; offset=&#8220;vc_col-lg-offset-8 vc_col-lg-4 vc_col-md-offset-7 vc_col-md-5 vc_col-sm-offset-6 vc_hidden-sm vc_col-xs-offset-1 vc_col-xs-10 vc_hidden-xs&#8220; css=&#8220;.vc_custom_1571829624106{padding-top: 200px !important;padding-bottom: 80px !important;}&#8220;]<div id=\"ultimate-heading-767569f1cc76c59bf\" class=\"uvc-heading ult-adjust-bottom-margin ultimate-heading-767569f1cc76c59bf uvc-7947 \" data-hspacer=\"no_spacer\"  data-halign=\"left\" style=\"text-align:left\"><div class=\"uvc-heading-spacer no_spacer\" style=\"top\"><\/div><div class=\"uvc-main-heading ult-responsive\"  data-ultimate-target='.uvc-heading.ultimate-heading-767569f1cc76c59bf h1'  data-responsive-json-new='{\"font-size\":\"desktop:44px;mobile_landscape:34px;\",\"line-height\":\"desktop:54px;mobile_landscape:44px;\"}' ><h1 style=\"--font-weight:theme;margin-bottom:10px;\">Praxis f\u00fcr Ergotherapie &amp; Autismus<\/h1><\/div><\/div><div id=\"ultimate-heading-452869f1cc76c5a6f\" class=\"uvc-heading ult-adjust-bottom-margin ultimate-heading-452869f1cc76c5a6f uvc-9645 \" data-hspacer=\"no_spacer\"  data-halign=\"left\" style=\"text-align:left\"><div class=\"uvc-heading-spacer no_spacer\" style=\"top\"><\/div><div class=\"uvc-main-heading ult-responsive\"  data-ultimate-target='.uvc-heading.ultimate-heading-452869f1cc76c5a6f h2'  data-responsive-json-new='{\"font-size\":\"desktop:44px;mobile_landscape:34px;\",\"line-height\":\"desktop:54px;mobile_landscape:44px;\"}' ><h2 style=\"--font-weight:theme;margin-bottom:10px;\">Martina Gebhard<\/h2><\/div><\/div><style type=\"text\/css\" data-type=\"the7_shortcodes-inline-css\">#default-btn-9ce3a8a466eea698ca606fd2051fe0c6 {\n  border-radius: 0px;\n  font-size: 16px;\n  line-height: 18px;\n}\n.btn-shadow#default-btn-9ce3a8a466eea698ca606fd2051fe0c6 {\n  box-shadow: 0 1px 6px rgba(0,0,0,0.12);\n  transition: box-shadow 0.2s ease-out, opacity 0.45s;\n}\n.btn-shadow#default-btn-9ce3a8a466eea698ca606fd2051fe0c6:hover {\n  box-shadow: 0 5px 11px 0 rgba(0,0,0,0.18), 0 4px 15px 0 rgba(0,0,0,0.15);\n}\n.btn-3d#default-btn-9ce3a8a466eea698ca606fd2051fe0c6:hover {\n  box-shadow: 0px 2px 0px 0px #121212;\n}\n.btn-flat#default-btn-9ce3a8a466eea698ca606fd2051fe0c6 {\n  box-shadow: none;\n}\n.btn-flat#default-btn-9ce3a8a466eea698ca606fd2051fe0c6:hover {\n  box-shadow: none;\n}\n#default-btn-9ce3a8a466eea698ca606fd2051fe0c6.ico-right-side > i {\n  margin-right: 0px;\n  margin-left: 8px;\n}\n#default-btn-9ce3a8a466eea698ca606fd2051fe0c6 > i {\n  margin-right: 8px;\n  font-size: 16px;\n}\n#default-btn-9ce3a8a466eea698ca606fd2051fe0c6:not(:hover) {\n  border-width: 2px;\n  border-color: #2e2b36 !important;\n  color: #2e2b36;\n  background: none !important;\n  padding: 16px 20px 16px 20px;\n}\n#default-btn-9ce3a8a466eea698ca606fd2051fe0c6:not(:hover) * {\n  color: #2e2b36;\n}\n#default-btn-9ce3a8a466eea698ca606fd2051fe0c6:hover {\n  border-width: 2px;\n  border-color: #2e2b36 !important;\n  color: #ffffff;\n  background: #2e2b36 !important;\n  padding: 16px 20px 16px 20px;\n}\n#default-btn-9ce3a8a466eea698ca606fd2051fe0c6:hover * {\n  color: #ffffff;\n}\n#default-btn-9ce3a8a466eea698ca606fd2051fe0c6.ico-right-side > i {\n  margin-right: 0px;\n  margin-left: 8px;\n}\n#default-btn-9ce3a8a466eea698ca606fd2051fe0c6 > i {\n  margin-right: 8px;\n}<\/style><div class=\"btn-align-left\"><a href=\"#!\/welcome\" class=\"default-btn-shortcode dt-btn link-hover-off anchor-link btn-flat \" id=\"default-btn-9ce3a8a466eea698ca606fd2051fe0c6\" title=\"Welcome\"><span>Willkommen<\/span><\/a><\/div>[\/vc_column][\/vc_row][vc_row equal_height=&#8220;yes&#8220; content_placement=&#8220;top&#8220; css=&#8220;.vc_custom_1571607283627{padding-top: 70px !important;padding-bottom: 50px !important;}&#8220; el_id=&#8220;welcome&#8220;][vc_column width=&#8220;1\/3&#8243; css=&#8220;.vc_custom_1571477821281{padding-bottom: 30px !important;}&#8220;]<div class=\"ult-animation  ult-animate-viewport  ult-no-mobile \" data-animate=\"slideInLeft\" data-animation-delay=\"0\" data-animation-duration=\"3\" data-animation-iteration=\"1\" style=\"opacity:0;\" data-opacity_start_effect=\"\"><div id=\"ultimate-heading-245169f1cc76c5d6c\" class=\"uvc-heading ult-adjust-bottom-margin ultimate-heading-245169f1cc76c5d6c uvc-9473 \" data-hspacer=\"no_spacer\"  data-halign=\"left\" style=\"text-align:left\"><div class=\"uvc-heading-spacer no_spacer\" style=\"top\"><\/div><div class=\"uvc-main-heading ult-responsive\"  data-ultimate-target='.uvc-heading.ultimate-heading-245169f1cc76c5d6c h2'  data-responsive-json-new='{\"font-size\":\"tablet_portrait:34px;\",\"line-height\":\"tablet_portrait:44px;\"}' ><h2 style=\"--font-weight:theme;margin-bottom:20px;\">Ergotherapie<\/h2><\/div><div class=\"uvc-sub-heading ult-responsive\"  data-ultimate-target='.uvc-heading.ultimate-heading-245169f1cc76c5d6c .uvc-sub-heading '  data-responsive-json-new='{\"font-size\":\"\",\"line-height\":\"\"}'  style=\"font-weight:normal;\">ist eine vom Arzt verordnete Behandlungsmethode die auf sozialwissenschaftlicher und medizinischer Grundlage basiert.<\/div><\/div><\/div>[\/vc_column][vc_column width=&#8220;2\/3&#8243; css=&#8220;.vc_custom_1571477868281{padding-bottom: 30px !important;}&#8220;]<div class=\"ult-animation  ult-animate-viewport  ult-no-mobile \" data-animate=\"slideInRight\" data-animation-delay=\"0\" data-animation-duration=\"3\" data-animation-iteration=\"1\" style=\"opacity:0;\" data-opacity_start_effect=\"\">[vc_column_text]Bei uns stehen der Patient und seine Bed\u00fcrfnisse im Mittelpunkt. Mein Ziel ist es, f\u00fcr jeden meiner kleinen und gro\u00dfen Patienten eine gr\u00f6\u00dftm\u00f6gliche Selbstst\u00e4ndigkeit und Handlungsf\u00e4higkeit zu erzielen.<br \/>\nMit abgestimmten Materalien und Behandlungsmethoden werden individuelle Therapieziele erarbeitet, um eine Integration in den Alltag zu erm\u00f6glichen.<br \/>\nAuch in der Corona-Pandemie sind wir f\u00fcr Sie da, nat\u00fcrlich unter Einhaltung strenger Hygieneregeln. Im pers\u00f6nlichen Kontakt, sowie der M\u00f6glichkeit der Video\/Teletherapie. F\u00fcr weitere Informationen nehmen Sie bitte Kontakt zu uns auf.[\/vc_column_text]<\/div>[\/vc_column][\/vc_row][vc_row css=&#8220;.vc_custom_1671666879451{padding-top: 50px !important;padding-bottom: 50px !important;}&#8220;][vc_column]<div id=\"ultimate-heading-441469f1cc76c5e2d\" class=\"uvc-heading ult-adjust-bottom-margin ultimate-heading-441469f1cc76c5e2d uvc-2046  uvc-heading-default-font-sizes\" data-hspacer=\"no_spacer\"  data-halign=\"center\" style=\"text-align:center\"><div class=\"uvc-heading-spacer no_spacer\" style=\"top\"><\/div><div class=\"uvc-sub-heading ult-responsive\"  data-ultimate-target='.uvc-heading.ultimate-heading-441469f1cc76c5e2d .uvc-sub-heading '  data-responsive-json-new='{\"font-size\":\"\",\"line-height\":\"\"}'  style=\"font-weight:normal;\"><div class=\"align wp-block-svp-video-player\" id='svpVideoPlayer-1' data-attributes='{&quot;align&quot;:&quot;&quot;,&quot;options&quot;:{&quot;controls&quot;:{&quot;play-large&quot;:true,&quot;restart&quot;:true,&quot;rewind&quot;:true,&quot;play&quot;:true,&quot;fast-forward&quot;:true,&quot;progress&quot;:true,&quot;current-time&quot;:true,&quot;mute&quot;:true,&quot;volume&quot;:true,&quot;captions&quot;:true,&quot;settings&quot;:true,&quot;pip&quot;:true,&quot;download&quot;:true,&quot;fullscreen&quot;:true},&quot;autoPlay&quot;:true,&quot;clickToPlay&quot;:true,&quot;muted&quot;:true,&quot;volume&quot;:0.5,&quot;seekTime&quot;:10,&quot;repeat&quot;:true,&quot;isAutoNextVideo&quot;:false,&quot;toolTip&quot;:true,&quot;isControl&quot;:true,&quot;shadowControl&quot;:true},&quot;videos&quot;:[{&quot;src&quot;:&quot;https:\\\/\\\/www.ergotherapie-martina-gebhard.de\\\/cms\\\/wp-content\\\/uploads\\\/2022\\\/12\\\/Image-klein.mp4&quot;,&quot;title&quot;:&quot;type your video title here&quot;,&quot;poster&quot;:&quot;https:\\\/\\\/www.ergotherapie-martina-gebhard.de\\\/cms\\\/wp-content\\\/uploads\\\/2022\\\/12\\\/Das-bin-ich.jpg&quot;,&quot;description&quot;:&quot;Don\\u2019t forget to like, comment, and subscribe for more fun episodes!&quot;,&quot;customDownloadButton&quot;:false,&quot;isCustomTitle&quot;:false,&quot;customDownloadUrl&quot;:&quot;&quot;,&quot;qualities&quot;:[],&quot;captions&quot;:[]}],&quot;videoSize&quot;:{&quot;width&quot;:{&quot;desktop&quot;:&quot;100%&quot;,&quot;tablet&quot;:&quot;100%&quot;,&quot;mobile&quot;:&quot;100%&quot;},&quot;height&quot;:{&quot;desktop&quot;:&quot;&quot;,&quot;tablet&quot;:&quot;&quot;,&quot;mobile&quot;:&quot;&quot;}},&quot;thumbnailSize&quot;:{&quot;width&quot;:{&quot;desktop&quot;:&quot;100%&quot;,&quot;tablet&quot;:&quot;100%&quot;,&quot;mobile&quot;:&quot;100%&quot;},&quot;height&quot;:{&quot;desktop&quot;:&quot;82px&quot;,&quot;tablet&quot;:&quot;&quot;,&quot;mobile&quot;:&quot;&quot;}},&quot;playlist&quot;:false,&quot;themes&quot;:{&quot;theme&quot;:&quot;default&quot;},&quot;tabStyles&quot;:{&quot;activeBg&quot;:&quot;#334155&quot;,&quot;activeTitleColor&quot;:&quot;#fff&quot;,&quot;activeDesColor&quot;:&quot;#fff&quot;,&quot;inactiveBg&quot;:&quot;#F0F5FA&quot;,&quot;inactiveTitleColor&quot;:&quot;#3D8D7A&quot;,&quot;inactiveDesColor&quot;:&quot;#585a5c&quot;,&quot;durationTimeColor&quot;:&quot;#fff&quot;,&quot;durationBg&quot;:&quot;#000&quot;},&quot;captionstyles&quot;:{&quot;color&quot;:&quot;#ffffff&quot;,&quot;bg&quot;:&quot;rgba(0,0,0,0.7)&quot;},&quot;captionTypo&quot;:{&quot;fontSize&quot;:{&quot;desktop&quot;:&quot;18px&quot;,&quot;tablet&quot;:&quot;18px&quot;,&quot;mobile&quot;:&quot;18px&quot;},&quot;fontFamily&quot;:&quot;inherit&quot;,&quot;lineHeight&quot;:&quot;1.4&quot;,&quot;fontWeight&quot;:&quot;400&quot;,&quot;textTransform&quot;:&quot;none&quot;},&quot;titleTypo&quot;:{&quot;fontSize&quot;:{&quot;desktop&quot;:15,&quot;tablet&quot;:13,&quot;mobile&quot;:12}},&quot;descriptionTypo&quot;:{&quot;fontSize&quot;:{&quot;desktop&quot;:14,&quot;tablet&quot;:12,&quot;mobile&quot;:10}},&quot;durationTypo&quot;:{&quot;fontSize&quot;:{&quot;desktop&quot;:14,&quot;tablet&quot;:12,&quot;mobile&quot;:10}},&quot;viewersTypo&quot;:{&quot;fontSize&quot;:{&quot;desktop&quot;:14,&quot;tablet&quot;:12,&quot;mobile&quot;:10}},&quot;alignment&quot;:&quot;center&quot;,&quot;textAlign&quot;:&quot;center&quot;,&quot;background&quot;:{&quot;color&quot;:&quot;#0000&quot;},&quot;scrollBg&quot;:&quot;#3D8D7A&quot;,&quot;content&quot;:&quot;Content of the block&quot;,&quot;typography&quot;:{&quot;fontSize&quot;:20},&quot;color&quot;:&quot;#333&quot;,&quot;colors&quot;:{&quot;color&quot;:&quot;#333&quot;,&quot;bg&quot;:&quot;#fff&quot;},&quot;img&quot;:{&quot;id&quot;:null,&quot;url&quot;:&quot;&quot;,&quot;alt&quot;:&quot;&quot;,&quot;title&quot;:&quot;&quot;},&quot;padding&quot;:{&quot;top&quot;:&quot;15px&quot;,&quot;right&quot;:&quot;30px&quot;,&quot;bottom&quot;:&quot;15px&quot;,&quot;left&quot;:&quot;30px&quot;},&quot;margin&quot;:{&quot;top&quot;:&quot;0px&quot;,&quot;right&quot;:&quot;0px&quot;,&quot;bottom&quot;:&quot;15px&quot;,&quot;left&quot;:&quot;0px&quot;},&quot;border&quot;:{&quot;width&quot;:&quot;0px&quot;,&quot;style&quot;:&quot;solid&quot;,&quot;color&quot;:&quot;#000000&quot;,&quot;radius&quot;:&quot;0px&quot;},&quot;shadow&quot;:[],&quot;layout&quot;:&quot;vertical&quot;}'><\/div><\/div><\/div>[\/vc_column][\/vc_row][vc_row full_width=&#8220;stretch_row_content_no_spaces&#8220; equal_height=&#8220;yes&#8220; content_placement=&#8220;middle&#8220; css=&#8220;.vc_custom_1571660717083{padding-top: 70px !important;padding-bottom: 70px !important;background-color: #ececec !important;}&#8220;][vc_column width=&#8220;2\/3&#8243; offset=&#8220;vc_col-lg-offset-2 vc_col-lg-8 vc_col-md-offset-2 vc_col-md-8 vc_col-sm-offset-2 vc_col-xs-12&#8243;]<div class=\"ult-animation  ult-animate-viewport  ult-no-mobile \" data-animate=\"zoomIn\" data-animation-delay=\"0\" data-animation-duration=\"2\" data-animation-iteration=\"1\" style=\"opacity:0;\" data-opacity_start_effect=\"\"><div id=\"ultimate-heading-246269f1cc76c726d\" class=\"uvc-heading ult-adjust-bottom-margin ultimate-heading-246269f1cc76c726d uvc-1964  uvc-heading-default-font-sizes\" data-hspacer=\"no_spacer\"  data-halign=\"center\" style=\"text-align:center\"><div class=\"uvc-heading-spacer no_spacer\" style=\"top\"><\/div><div class=\"uvc-main-heading ult-responsive\"  data-ultimate-target='.uvc-heading.ultimate-heading-246269f1cc76c726d div'  data-responsive-json-new='{\"font-size\":\"\",\"line-height\":\"\"}' ><div style=\"--font-weight:theme;margin-top:-10px;margin-bottom:50px;\">ERGOTHERAPEUTISCHE BEHANDLUNGEN<\/div><\/div><\/div><\/div>[\/vc_column][vc_column css=&#8220;.vc_custom_1571663514993{background-color: #2e2b36 !important;}&#8220; offset=&#8220;vc_col-lg-offset-0 vc_col-lg-12 vc_col-md-offset-0 vc_col-md-12 vc_col-sm-offset-0&#8243;][vc_row_inner equal_height=&#8220;yes&#8220; content_placement=&#8220;middle&#8220;][vc_column_inner width=&#8220;1\/2&#8243; css=&#8220;.vc_custom_1669289576094{padding-top: 50% !important;padding-bottom: 50% !important;background-image: url(https:\/\/www.ergotherapie-martina-gebhard.de\/cms\/wp-content\/uploads\/2022\/10\/P1156016-scaled.jpg?id=1748) !important;background-position: center !important;background-repeat: no-repeat !important;background-size: cover !important;}&#8220; offset=&#8220;vc_col-lg-3 vc_col-md-3&#8243;][\/vc_column_inner][vc_column_inner width=&#8220;1\/2&#8243; css=&#8220;.vc_custom_1571663627659{border-bottom-width: 2px !important;padding-top: 50px !important;padding-right: 50px !important;padding-bottom: 50px !important;padding-left: 50px !important;border-bottom-color: rgba(255,255,255,0.1) !important;border-bottom-style: solid !important;}&#8220; offset=&#8220;vc_col-lg-3 vc_col-md-3&#8243;]<div id=\"ultimate-heading-306369f1cc76c731e\" class=\"uvc-heading ult-adjust-bottom-margin ultimate-heading-306369f1cc76c731e uvc-7950  uvc-heading-default-font-sizes\" data-hspacer=\"no_spacer\"  data-halign=\"left\" style=\"text-align:left\"><div class=\"uvc-heading-spacer no_spacer\" style=\"top\"><\/div><div class=\"uvc-sub-heading ult-responsive\"  data-ultimate-target='.uvc-heading.ultimate-heading-306369f1cc76c731e .uvc-sub-heading '  data-responsive-json-new='{\"font-size\":\"\",\"line-height\":\"\"}'  style=\"font-weight:normal;color:#ffffff;\"><\/p>\n<h3><a style=\"color: #ffffff;\" href=\"https:\/\/www.ergotherapie-martina-gebhard.de\/cms\/dt_gallery\/pranayama-yoga\/\">Psychische Behandlung<\/a><\/h3>\n<p><\/div><\/div>[\/vc_column_inner][vc_column_inner width=&#8220;1\/2&#8243; css=&#8220;.vc_custom_1664911373311{padding-top: 50% !important;padding-bottom: 50% !important;background-image: url(https:\/\/www.ergotherapie-martina-gebhard.de\/cms\/wp-content\/uploads\/2022\/10\/pexels-pixabay-289586-scaled.jpg?id=1749) !important;background-position: center !important;background-repeat: no-repeat !important;background-size: cover !important;}&#8220; offset=&#8220;vc_col-lg-3 vc_col-md-3&#8243;][\/vc_column_inner][vc_column_inner width=&#8220;1\/2&#8243; css=&#8220;.vc_custom_1571663560346{padding-top: 50px !important;padding-right: 50px !important;padding-bottom: 50px !important;padding-left: 50px !important;}&#8220; offset=&#8220;vc_col-lg-3 vc_col-md-3 vc_col-xs-12&#8243;]<div id=\"ultimate-heading-918069f1cc76c7374\" class=\"uvc-heading ult-adjust-bottom-margin ultimate-heading-918069f1cc76c7374 uvc-6563  uvc-heading-default-font-sizes\" data-hspacer=\"no_spacer\"  data-halign=\"left\" style=\"text-align:left\"><div class=\"uvc-heading-spacer no_spacer\" style=\"top\"><\/div><div class=\"uvc-sub-heading ult-responsive\"  data-ultimate-target='.uvc-heading.ultimate-heading-918069f1cc76c7374 .uvc-sub-heading '  data-responsive-json-new='{\"font-size\":\"\",\"line-height\":\"\"}'  style=\"font-weight:normal;color:#ffffff;\"><\/p>\n<h3><a style=\"color: #ffffff;\" href=\"https:\/\/www.ergotherapie-martina-gebhard.de\/cms\/dt_gallery\/vinyasa-yoga\/\">Achtsamkeitstraining<\/a><\/h3>\n<p><\/div><\/div>[\/vc_column_inner][\/vc_row_inner][vc_row_inner equal_height=&#8220;yes&#8220; content_placement=&#8220;middle&#8220; el_class=&#8220;reverse-row-on-mobile&#8220;][vc_column_inner width=&#8220;1\/2&#8243; css=&#8220;.vc_custom_1571663659136{border-bottom-width: 2px !important;padding-top: 50px !important;padding-right: 50px !important;padding-bottom: 50px !important;padding-left: 50px !important;border-bottom-color: rgba(255,255,255,0.1) !important;border-bottom-style: solid !important;}&#8220; offset=&#8220;vc_col-lg-3 vc_col-md-3&#8243;]<div id=\"ultimate-heading-544969f1cc76c73bb\" class=\"uvc-heading ult-adjust-bottom-margin ultimate-heading-544969f1cc76c73bb uvc-4919  uvc-heading-default-font-sizes\" data-hspacer=\"no_spacer\"  data-halign=\"left\" style=\"text-align:left\"><div class=\"uvc-heading-spacer no_spacer\" style=\"top\"><\/div><div class=\"uvc-sub-heading ult-responsive\"  data-ultimate-target='.uvc-heading.ultimate-heading-544969f1cc76c73bb .uvc-sub-heading '  data-responsive-json-new='{\"font-size\":\"\",\"line-height\":\"\"}'  style=\"font-weight:normal;color:#ffffff;\"><\/p>\n<h3><span style=\"color: #ffffff;\"><a style=\"color: #ffffff;\" href=\"https:\/\/www.ergotherapie-martina-gebhard.de\/cms\/dt_gallery\/pilates\/\">Soziales Kompetenztraining<\/a><\/span><\/h3>\n<p><\/div><\/div>[\/vc_column_inner][vc_column_inner width=&#8220;1\/2&#8243; css=&#8220;.vc_custom_1670415282376{padding-top: 50% !important;padding-bottom: 50% !important;background-image: url(https:\/\/www.ergotherapie-martina-gebhard.de\/cms\/wp-content\/uploads\/2022\/10\/pexels-fauxels-3184423-scaled.jpg?id=1753) !important;background-position: center !important;background-repeat: no-repeat !important;background-size: cover !important;}&#8220; offset=&#8220;vc_col-lg-3 vc_col-md-3&#8243;][\/vc_column_inner][vc_column_inner width=&#8220;1\/2&#8243; css=&#8220;.vc_custom_1571663581852{padding-top: 50px !important;padding-right: 50px !important;padding-bottom: 50px !important;padding-left: 50px !important;}&#8220; offset=&#8220;vc_col-lg-3 vc_col-md-3 vc_col-xs-12&#8243;]<div id=\"ultimate-heading-714969f1cc76c7402\" class=\"uvc-heading ult-adjust-bottom-margin ultimate-heading-714969f1cc76c7402 uvc-9239  uvc-heading-default-font-sizes\" data-hspacer=\"no_spacer\"  data-halign=\"left\" style=\"text-align:left\"><div class=\"uvc-heading-spacer no_spacer\" style=\"top\"><\/div><div class=\"uvc-sub-heading ult-responsive\"  data-ultimate-target='.uvc-heading.ultimate-heading-714969f1cc76c7402 .uvc-sub-heading '  data-responsive-json-new='{\"font-size\":\"\",\"line-height\":\"\"}'  style=\"font-weight:normal;color:#ffffff;\"><\/p>\n<h3><a style=\"color: #ffffff;\" href=\"https:\/\/www.ergotherapie-martina-gebhard.de\/cms\/autismus\/\">Autismus<\/a><\/h3>\n<p><\/div><\/div>[\/vc_column_inner][vc_column_inner width=&#8220;1\/2&#8243; css=&#8220;.vc_custom_1669289589107{padding-top: 50% !important;padding-bottom: 50% !important;background-image: url(https:\/\/www.ergotherapie-martina-gebhard.de\/cms\/wp-content\/uploads\/2022\/10\/pexels-myicahel-tamburini-1553783-scaled.jpg?id=1771) !important;background-position: center !important;background-repeat: no-repeat !important;background-size: cover !important;}&#8220; offset=&#8220;vc_col-lg-3 vc_col-md-3&#8243;][\/vc_column_inner][\/vc_row_inner][vc_row_inner equal_height=&#8220;yes&#8220; content_placement=&#8220;middle&#8220;][vc_column_inner width=&#8220;1\/2&#8243; css=&#8220;.vc_custom_1670415154741{padding-top: 50% !important;padding-bottom: 50% !important;background-image: url(https:\/\/www.ergotherapie-martina-gebhard.de\/cms\/wp-content\/uploads\/2022\/12\/Untitled_1.1.2-e1670415130222.jpg?id=1898) !important;background-position: center !important;background-repeat: no-repeat !important;background-size: cover !important;}&#8220; offset=&#8220;vc_col-lg-3 vc_col-md-3&#8243;][\/vc_column_inner][vc_column_inner width=&#8220;1\/2&#8243; css=&#8220;.vc_custom_1571663627659{border-bottom-width: 2px !important;padding-top: 50px !important;padding-right: 50px !important;padding-bottom: 50px !important;padding-left: 50px !important;border-bottom-color: rgba(255,255,255,0.1) !important;border-bottom-style: solid !important;}&#8220; offset=&#8220;vc_col-lg-3 vc_col-md-3&#8243;]<div id=\"ultimate-heading-430769f1cc76c7449\" class=\"uvc-heading ult-adjust-bottom-margin ultimate-heading-430769f1cc76c7449 uvc-3460  uvc-heading-default-font-sizes\" data-hspacer=\"no_spacer\"  data-halign=\"left\" style=\"text-align:left\"><div class=\"uvc-heading-spacer no_spacer\" style=\"top\"><\/div><div class=\"uvc-sub-heading ult-responsive\"  data-ultimate-target='.uvc-heading.ultimate-heading-430769f1cc76c7449 .uvc-sub-heading '  data-responsive-json-new='{\"font-size\":\"\",\"line-height\":\"\"}'  style=\"font-weight:bold;color:#ffffff;\"><\/p>\n<h3><span style=\"color: #ffffff;\"><a style=\"color: #ffffff;\" href=\"https:\/\/www.ergotherapie-martina-gebhard.de\/cms\/dt_gallery\/yin-yoga\/\">Neurologische Behandlungen<\/a><\/span><\/h3>\n<p><\/div><\/div>[\/vc_column_inner][vc_column_inner width=&#8220;1\/2&#8243; css=&#8220;.vc_custom_1670415375925{padding-top: 50% !important;padding-bottom: 50% !important;background-image: url(https:\/\/www.ergotherapie-martina-gebhard.de\/cms\/wp-content\/uploads\/2022\/12\/Untitled_1.15.2-e1670415370177.jpg?id=1888) !important;background-position: center !important;background-repeat: no-repeat !important;background-size: cover !important;}&#8220; offset=&#8220;vc_col-lg-3 vc_col-md-3&#8243;][\/vc_column_inner][vc_column_inner width=&#8220;1\/2&#8243; css=&#8220;.vc_custom_1571663560346{padding-top: 50px !important;padding-right: 50px !important;padding-bottom: 50px !important;padding-left: 50px !important;}&#8220; offset=&#8220;vc_col-lg-3 vc_col-md-3 vc_col-xs-12&#8243;]<div id=\"ultimate-heading-486269f1cc76c748e\" class=\"uvc-heading ult-adjust-bottom-margin ultimate-heading-486269f1cc76c748e uvc-519  uvc-heading-default-font-sizes\" data-hspacer=\"no_spacer\"  data-halign=\"left\" style=\"text-align:left\"><div class=\"uvc-heading-spacer no_spacer\" style=\"top\"><\/div><div class=\"uvc-sub-heading ult-responsive\"  data-ultimate-target='.uvc-heading.ultimate-heading-486269f1cc76c748e .uvc-sub-heading '  data-responsive-json-new='{\"font-size\":\"\",\"line-height\":\"\"}'  style=\"font-weight:normal;color:#ffffff;\"><\/p>\n<h3><span style=\"color: #ffffff;\"><a style=\"color: #ffffff;\" href=\"https:\/\/www.ergotherapie-martina-gebhard.de\/cms\/dt_gallery\/fly-yoga\/\">P\u00e4diatrische Behandlungen<\/a><\/span><\/h3>\n<p><\/div><\/div>[\/vc_column_inner][\/vc_row_inner][\/vc_column][\/vc_row][vc_row full_width=&#8220;stretch_row_content&#8220; content_placement=&#8220;top&#8220; bg_type=&#8220;image&#8220; parallax_style=&#8220;vcpb-vz-jquery&#8220; bg_image_new=&#8220;id^1757|url^https:\/\/www.ergotherapie-martina-gebhard.de\/cms\/wp-content\/uploads\/2022\/10\/pexels-eric-sanman-1365425-scaled-e1670957062342.jpg|caption^null|alt^null|title^null|description^null&#8220; bg_image_repeat=&#8220;no-repeat&#8220; bg_override=&#8220;full&#8220; css=&#8220;.vc_custom_1670957112140{padding-top: 15% !important;padding-bottom: 15% !important;}&#8220;][vc_column width=&#8220;1\/6&#8243;][\/vc_column][vc_column width=&#8220;2\/3&#8243; css=&#8220;.vc_custom_1670956506223{padding-top: 50px !important;padding-bottom: 50px !important;}&#8220;]<div class=\"ult-animation  ult-animate-viewport  ult-no-mobile \" data-animate=\"zoomIn\" data-animation-delay=\"0\" data-animation-duration=\"3\" data-animation-iteration=\"1\" style=\"opacity:0;\" data-opacity_start_effect=\"\"><div id=\"ultimate-heading-520269f1cc76c755e\" class=\"uvc-heading ult-adjust-bottom-margin ultimate-heading-520269f1cc76c755e uvc-6020 \" data-hspacer=\"no_spacer\"  data-halign=\"center\" style=\"text-align:center\"><div class=\"uvc-heading-spacer no_spacer\" style=\"top\"><\/div><div class=\"uvc-main-heading ult-responsive\"  data-ultimate-target='.uvc-heading.ultimate-heading-520269f1cc76c755e div'  data-responsive-json-new='{\"font-size\":\"desktop:50px;tablet_portrait:34px;\",\"line-height\":\"desktop:54px;tablet_portrait:44px;\"}' ><div style=\"--font-weight:theme;color:#ffffff;margin-bottom:20px;\">``Der Weg ist das Ziel``<\/div><\/div><div class=\"uvc-sub-heading ult-responsive\"  data-ultimate-target='.uvc-heading.ultimate-heading-520269f1cc76c755e .uvc-sub-heading '  data-responsive-json-new='{\"font-size\":\"desktop:24px;\",\"line-height\":\"desktop:34px;\"}'  style=\"font-weight:normal;color:#979fa3;\"><span style=\"color: #ffffff;\">Konfuzius<\/span><\/div><\/div><\/div>[\/vc_column][vc_column width=&#8220;1\/6&#8243;][\/vc_column][\/vc_row][vc_row full_width=&#8220;stretch_row_content_no_spaces&#8220; equal_height=&#8220;yes&#8220; content_placement=&#8220;top&#8220;][vc_column css=&#8220;.vc_custom_1571482000254{padding-top: 70px !important;padding-right: 50px !important;padding-bottom: 70px !important;padding-left: 50px !important;background-color: #2e2b36 !important;}&#8220; offset=&#8220;vc_col-lg-6 vc_col-md-6 vc_col-xs-12&#8243;]<div id=\"ultimate-heading-742969f1cc76c75e0\" class=\"uvc-heading ult-adjust-bottom-margin ultimate-heading-742969f1cc76c75e0 uvc-4311  uvc-heading-default-font-sizes\" data-hspacer=\"no_spacer\"  data-halign=\"left\" style=\"text-align:left\"><div class=\"uvc-heading-spacer no_spacer\" style=\"top\"><\/div><div class=\"uvc-main-heading ult-responsive\"  data-ultimate-target='.uvc-heading.ultimate-heading-742969f1cc76c75e0 h2'  data-responsive-json-new='{\"font-size\":\"\",\"line-height\":\"\"}' ><h2 style=\"--font-weight:theme;color:#ffffff;margin-bottom:30px;\">Autismus bei Erwachsenen<\/h2><\/div><div class=\"uvc-sub-heading ult-responsive\"  data-ultimate-target='.uvc-heading.ultimate-heading-742969f1cc76c75e0 .uvc-sub-heading '  data-responsive-json-new='{\"font-size\":\"\",\"line-height\":\"\"}'  style=\"font-weight:normal;color:#ffffff;margin-bottom:30px;\">Obwohl Hans Asperger bereits in den 30er Jahren das Asperger Syndrom herausfand, ist Autimus lange Zeit unbekannt geblieben. Viele Erwachsene haben nicht die Diagnose Autismus erhalten, sondern sind auf \u00c4ngste, Depressionen, soziale Phobie oder Bindungsst\u00f6rungen behandelt worden.\u00a0Erst in den letzten Jahren wurden bei bestimmten Verhaltens- und Pers\u00f6nlichkeitmerkmalen auch die Diagnose Autismus gestellt.<\/div><\/div>[vc_btn title=&#8220;Weitere Infos&#8220; link=&#8220;url:https%3A%2F%2Fwww.ergotherapie-martina-gebhard.de%2Fcms%2Fautismus-2%2F|title:Autismus&#8220;][\/vc_column][vc_column css=&#8220;.vc_custom_1571482011322{padding-top: 70px !important;padding-right: 50px !important;padding-bottom: 70px !important;padding-left: 50px !important;background-color: #ececec !important;}&#8220; offset=&#8220;vc_col-lg-6 vc_col-md-6 vc_col-xs-12&#8243;]<div id=\"ultimate-heading-491869f1cc76c7646\" class=\"uvc-heading ult-adjust-bottom-margin ultimate-heading-491869f1cc76c7646 uvc-2666  uvc-heading-default-font-sizes\" data-hspacer=\"no_spacer\"  data-halign=\"left\" style=\"text-align:left\"><div class=\"uvc-heading-spacer no_spacer\" style=\"top\"><\/div><div class=\"uvc-main-heading ult-responsive\"  data-ultimate-target='.uvc-heading.ultimate-heading-491869f1cc76c7646 h2'  data-responsive-json-new='{\"font-size\":\"\",\"line-height\":\"\"}' ><h2 style=\"--font-weight:theme;color:#000000;margin-bottom:30px;\">Autismus bei Kindern<\/h2><\/div><div class=\"uvc-sub-heading ult-responsive\"  data-ultimate-target='.uvc-heading.ultimate-heading-491869f1cc76c7646 .uvc-sub-heading '  data-responsive-json-new='{\"font-size\":\"\",\"line-height\":\"\"}'  style=\"font-weight:normal;color:#000000;margin-bottom:30px;\">Man spricht von den Autismusspektrumsst\u00f6rungen, darunter fallen alle Autismus -Formen von Asperger, atypischer Autismus und fr\u00fchkindlicher Autismus, wenn die Kinder bestimmte Merkmale aufweisen. Dabei m\u00fcssen nicht immer alle Merkmale vorhanden sein, da die Auspr\u00e4gung unterschiedlich ist.<\/p>\n<p>&nbsp;<\/p>\n<p><\/div><\/div>[vc_btn title=&#8220;Weitere Infos&#8220; color=&#8220;black&#8220; link=&#8220;url:https%3A%2F%2Fwww.ergotherapie-martina-gebhard.de%2Fcms%2Fautismus-2%2F|title:Autismus&#8220;][\/vc_column][\/vc_row][vc_row full_width=&#8220;stretch_row&#8220; css=&#8220;.vc_custom_1571479438790{padding-top: 70px !important;padding-bottom: 80px !important;}&#8220;][vc_column]<div id=\"ultimate-heading-860969f1cc76c76b7\" class=\"uvc-heading ult-adjust-bottom-margin ultimate-heading-860969f1cc76c76b7 uvc-3935  uvc-heading-default-font-sizes\" data-hspacer=\"no_spacer\"  data-halign=\"center\" style=\"text-align:center\"><div class=\"uvc-heading-spacer no_spacer\" style=\"top\"><\/div><div class=\"uvc-main-heading ult-responsive\"  data-ultimate-target='.uvc-heading.ultimate-heading-860969f1cc76c76b7 div'  data-responsive-json-new='{\"font-size\":\"\",\"line-height\":\"\"}' ><div style=\"--font-weight:theme;margin-bottom:30px;\">Unser Team<\/div><\/div><\/div><style type=\"text\/css\" data-type=\"the7_shortcodes-inline-css\">.dt-team-shortcode.team-masonry-shortcode-id-744700ecb8fbef3b9400ef5acc5e9b83 .team-desc {\n  padding: 0px 0px 0px 0px;\n}\n.dt-team-shortcode.team-masonry-shortcode-id-744700ecb8fbef3b9400ef5acc5e9b83 .team-author-name,\n.dt-team-shortcode.team-masonry-shortcode-id-744700ecb8fbef3b9400ef5acc5e9b83 .team-author-name a {\n  margin-bottom: 0px;\n}\n.dt-team-shortcode.team-masonry-shortcode-id-744700ecb8fbef3b9400ef5acc5e9b83 .team-author p {\n  margin-bottom: 15px;\n  font-size: 15px;\n  line-height: 25px;\n}\n.dt-team-shortcode.team-masonry-shortcode-id-744700ecb8fbef3b9400ef5acc5e9b83  .team-media {\n  padding: 0px 0px 30px 0px;\n}\n.dt-team-shortcode.team-masonry-shortcode-id-744700ecb8fbef3b9400ef5acc5e9b83  .team-media a,\n.dt-team-shortcode.team-masonry-shortcode-id-744700ecb8fbef3b9400ef5acc5e9b83  .team-media > span,\n.dt-team-shortcode.team-masonry-shortcode-id-744700ecb8fbef3b9400ef5acc5e9b83  .team-media img {\n  max-width: 160px;\n}\n.dt-team-shortcode.team-masonry-shortcode-id-744700ecb8fbef3b9400ef5acc5e9b83 .dt-css-grid .team-media img {\n  width: 160px;\n  max-width: 100%;\n}\n.dt-team-shortcode.team-masonry-shortcode-id-744700ecb8fbef3b9400ef5acc5e9b83 .team-content {\n  margin-bottom: 5px;\n}\n.dt-team-shortcode.team-masonry-shortcode-id-744700ecb8fbef3b9400ef5acc5e9b83  .team-media,\n.dt-team-shortcode.team-masonry-shortcode-id-744700ecb8fbef3b9400ef5acc5e9b83  .team-media a.rollover,\n.dt-team-shortcode.team-masonry-shortcode-id-744700ecb8fbef3b9400ef5acc5e9b83  .team-media a.rollover *,\n.dt-team-shortcode.team-masonry-shortcode-id-744700ecb8fbef3b9400ef5acc5e9b83  .team-media img {\n  border-radius: 500px;\n}\n.dt-team-shortcode.team-masonry-shortcode-id-744700ecb8fbef3b9400ef5acc5e9b83 .soc-ico {\n  margin-bottom: 15px;\n}\n.dt-team-shortcode.team-masonry-shortcode-id-744700ecb8fbef3b9400ef5acc5e9b83 .soc-ico a {\n  min-width: 26px;\n  min-height: 26px;\n  font-size: 16px;\n  border-radius: 100px;\n}\n.dt-team-shortcode.team-masonry-shortcode-id-744700ecb8fbef3b9400ef5acc5e9b83 .soc-ico a:not(:last-child) {\n  margin-right: 4px;\n}\n.dt-team-shortcode.team-masonry-shortcode-id-744700ecb8fbef3b9400ef5acc5e9b83 .soc-ico a:before,\n.dt-team-shortcode.team-masonry-shortcode-id-744700ecb8fbef3b9400ef5acc5e9b83 .soc-ico a:after {\n  min-width: 26px;\n  min-height: 26px;\n  padding: inherit;\n}\n.dt-icon-border-on.dt-team-shortcode.team-masonry-shortcode-id-744700ecb8fbef3b9400ef5acc5e9b83 .soc-ico a:before {\n  border: 0px solid transparent;\n}\n.dt-team-shortcode.team-masonry-shortcode-id-744700ecb8fbef3b9400ef5acc5e9b83 .soc-ico a:hover {\n  font-size: 16px;\n}\n#page .dt-team-shortcode.team-masonry-shortcode-id-744700ecb8fbef3b9400ef5acc5e9b83 .soc-ico a:hover .soc-font-icon {\n  color: rgba(255,255,255,0.75);\n  background: none;\n}\n.dt-icon-border-hover-on.dt-team-shortcode.team-masonry-shortcode-id-744700ecb8fbef3b9400ef5acc5e9b83 .soc-ico a:after {\n  border: 0px solid transparent;\n}\n#page .dt-team-shortcode.team-masonry-shortcode-id-744700ecb8fbef3b9400ef5acc5e9b83 .soc-ico a:not(:hover) .soc-font-icon {\n  color: #ffffff;\n  background: none;\n}\n.dt-team-shortcode.team-masonry-shortcode-id-744700ecb8fbef3b9400ef5acc5e9b83 .soc-ico a .soc-font-icon {\n  font-size: 16px;\n}\n.dt-team-shortcode.team-masonry-shortcode-id-744700ecb8fbef3b9400ef5acc5e9b83 .filter-bg-decoration .filter-categories a.act {\n  color: #fff;\n}\n.dt-team-shortcode.team-masonry-shortcode-id-744700ecb8fbef3b9400ef5acc5e9b83:not(.resize-by-browser-width) .dt-css-grid {\n  grid-row-gap: 30px;\n  grid-column-gap: 30px;\n  grid-template-columns: repeat(auto-fill,minmax(,1fr));\n}\n.cssgridlegacy.no-cssgrid .dt-team-shortcode.team-masonry-shortcode-id-744700ecb8fbef3b9400ef5acc5e9b83:not(.resize-by-browser-width) .dt-css-grid,\n.no-cssgridlegacy.no-cssgrid .dt-team-shortcode.team-masonry-shortcode-id-744700ecb8fbef3b9400ef5acc5e9b83:not(.resize-by-browser-width) .dt-css-grid {\n  display: flex;\n  flex-flow: row wrap;\n  margin: -15px;\n}\n.cssgridlegacy.no-cssgrid .dt-team-shortcode.team-masonry-shortcode-id-744700ecb8fbef3b9400ef5acc5e9b83:not(.resize-by-browser-width) .dt-css-grid .wf-cell,\n.no-cssgridlegacy.no-cssgrid .dt-team-shortcode.team-masonry-shortcode-id-744700ecb8fbef3b9400ef5acc5e9b83:not(.resize-by-browser-width) .dt-css-grid .wf-cell {\n  flex: 1 0 ;\n  max-width: 100%;\n  padding: 15px;\n  box-sizing: border-box;\n}\n.dt-team-shortcode.team-masonry-shortcode-id-744700ecb8fbef3b9400ef5acc5e9b83.resize-by-browser-width .dt-css-grid {\n  grid-template-columns: repeat(4,1fr);\n  grid-template-rows: auto;\n  grid-column-gap: 30px;\n  grid-row-gap: 30px;\n}\n.cssgridlegacy.no-cssgrid .dt-team-shortcode.team-masonry-shortcode-id-744700ecb8fbef3b9400ef5acc5e9b83.resize-by-browser-width .dt-css-grid,\n.no-cssgridlegacy.no-cssgrid .dt-team-shortcode.team-masonry-shortcode-id-744700ecb8fbef3b9400ef5acc5e9b83.resize-by-browser-width .dt-css-grid {\n  margin: -15px;\n}\n.cssgridlegacy.no-cssgrid .dt-team-shortcode.team-masonry-shortcode-id-744700ecb8fbef3b9400ef5acc5e9b83.resize-by-browser-width .dt-css-grid .wf-cell,\n.no-cssgridlegacy.no-cssgrid .dt-team-shortcode.team-masonry-shortcode-id-744700ecb8fbef3b9400ef5acc5e9b83.resize-by-browser-width .dt-css-grid .wf-cell {\n  width: 25%;\n  padding: 15px;\n}\n@media screen and (max-width: 1199px) {\n  .dt-team-shortcode.team-masonry-shortcode-id-744700ecb8fbef3b9400ef5acc5e9b83.resize-by-browser-width .dt-css-grid {\n    grid-template-columns: repeat(4,1fr);\n  }\n  .cssgridlegacy.no-cssgrid .dt-team-shortcode.team-masonry-shortcode-id-744700ecb8fbef3b9400ef5acc5e9b83.resize-by-browser-width .dt-css-grid .wf-cell,\n  .no-cssgridlegacy.no-cssgrid .dt-team-shortcode.team-masonry-shortcode-id-744700ecb8fbef3b9400ef5acc5e9b83.resize-by-browser-width .dt-css-grid .wf-cell {\n    width: 25%;\n  }\n}\n@media screen and (max-width: 991px) {\n  .dt-team-shortcode.team-masonry-shortcode-id-744700ecb8fbef3b9400ef5acc5e9b83.resize-by-browser-width .dt-css-grid {\n    grid-template-columns: repeat(2,1fr);\n  }\n  .cssgridlegacy.no-cssgrid .dt-team-shortcode.team-masonry-shortcode-id-744700ecb8fbef3b9400ef5acc5e9b83.resize-by-browser-width .dt-css-grid .wf-cell,\n  .no-cssgridlegacy.no-cssgrid .dt-team-shortcode.team-masonry-shortcode-id-744700ecb8fbef3b9400ef5acc5e9b83.resize-by-browser-width .dt-css-grid .wf-cell {\n    width: 50%;\n  }\n}\n@media screen and (max-width: 767px) {\n  .dt-team-shortcode.team-masonry-shortcode-id-744700ecb8fbef3b9400ef5acc5e9b83.resize-by-browser-width .dt-css-grid {\n    grid-template-columns: repeat(1,1fr);\n  }\n  .cssgridlegacy.no-cssgrid .dt-team-shortcode.team-masonry-shortcode-id-744700ecb8fbef3b9400ef5acc5e9b83.resize-by-browser-width .dt-css-grid .wf-cell,\n  .no-cssgridlegacy.no-cssgrid .dt-team-shortcode.team-masonry-shortcode-id-744700ecb8fbef3b9400ef5acc5e9b83.resize-by-browser-width .dt-css-grid .wf-cell {\n    width: 100%;\n  }\n}<\/style><div class=\"dt-team-masonry-shortcode dt-team-shortcode team-masonry-shortcode-id-744700ecb8fbef3b9400ef5acc5e9b83 loading-effect-fade-in mode-masonry jquery-filter content-align-center scale-img disable-bg-rollover dt-icon-bg-on dt-icon-border-on dt-icon-hover-bg-on dt-icon-border-hover-on move-icons-under-position resize-by-browser-width  vc_custom_1670410181868 \" data-padding=\"15px\" data-cur-page=\"1\" data-post-limit=\"-1\" data-pagination-mode=\"none\" data-desktop-columns-num=\"4\" data-v-tablet-columns-num=\"2\" data-h-tablet-columns-num=\"4\" data-phone-columns-num=\"1\" data-width=\"0px\" data-columns=\"0\"><div class=\"iso-filter extras-off filter\"><div class=\"filter-categories\" data-default-order=\"asc\" data-default-orderby=\"date\"><a href=\"https:\/\/www.ergotherapie-martina-gebhard.de\/cms\/\" class=\"show-all act\" data-filter=\"*\" aria-label=\"Apply filter: Alle anzeigen\">Alle anzeigen<\/a><a href=\"https:\/\/www.ergotherapie-martina-gebhard.de\/cms\/?term=50\" class=\"co-therapeut\" data-filter=\".category-50\" aria-label=\"Apply filter: Co-Therapeut\">Co-Therapeut<\/a><a href=\"https:\/\/www.ergotherapie-martina-gebhard.de\/cms\/?term=48\" class=\"ergotherapeutin\" data-filter=\".category-48\" aria-label=\"Apply filter: Ergotherapeutin\">Ergotherapeutin<\/a><a href=\"https:\/\/www.ergotherapie-martina-gebhard.de\/cms\/?term=58\" class=\"ergotherapeutin-fachliche-leitung\" data-filter=\".category-58\" aria-label=\"Apply filter: Ergotherapeutin \/ Fachliche Leitung\">Ergotherapeutin \/ Fachliche Leitung<\/a><a href=\"https:\/\/www.ergotherapie-martina-gebhard.de\/cms\/?term=49\" class=\"inhaberin\" data-filter=\".category-49\" aria-label=\"Apply filter: Inhaberin\">Inhaberin<\/a><a href=\"https:\/\/www.ergotherapie-martina-gebhard.de\/cms\/?term=47\" class=\"teamassistenz\" data-filter=\".category-47\" aria-label=\"Apply filter: Teamassistenz\">Teamassistenz<\/a><\/div><\/div><div class=\"iso-container\" ><div class=\"visible wf-cell iso-item category-48 category-49\" data-post-id=\"1461\" data-date=\"1999-06-19T15:52:40+02:00\" data-name=\"Martina Gebhard\"><div class=\"team-container visible post post-1461 dt_team type-dt_team status-publish has-post-thumbnail hentry dt_team_category-ergotherapeutin dt_team_category-inhaberin dt_team_category-48 dt_team_category-49 description-off\"><div class=\"team-media\"><a href=\"https:\/\/www.ergotherapie-martina-gebhard.de\/cms\/dt_team\/martina-gebhard\/\" class=\"rollover layzr-bg\"><img fetchpriority=\"high\" decoding=\"async\" class=\"preload-me iso-lazy-load aspect\" src=\"data:image\/svg+xml,%3Csvg%20xmlns%3D&#39;http%3A%2F%2Fwww.w3.org%2F2000%2Fsvg&#39;%20viewBox%3D&#39;0%200%201080%201080&#39;%2F%3E\" data-src=\"https:\/\/www.ergotherapie-martina-gebhard.de\/cms\/wp-content\/uploads\/2022\/10\/7-1-1080x1080.jpg\" data-srcset=\"https:\/\/www.ergotherapie-martina-gebhard.de\/cms\/wp-content\/uploads\/2022\/10\/7-1-1080x1080.jpg 1080w\" loading=\"eager\" style=\"--ratio: 1080 \/ 1080\" sizes=\"(max-width: 1080px) 100vw, 1080px\" width=\"1080\" height=\"1080\"   alt=\"\" \/><\/a><\/div><div class=\"team-desc\"><div class=\"team-author\"><div class=\"team-author-name\"><a href=\"https:\/\/www.ergotherapie-martina-gebhard.de\/cms\/dt_team\/martina-gebhard\/\">Martina Gebhard<\/a><\/div><p>Ergotherapeutin und Inhaberin<\/p><\/div><div class=\"team-content\"><\/div><\/div><\/div><\/div><div class=\"visible wf-cell iso-item category-48\" data-post-id=\"2369\" data-date=\"2020-06-19T11:43:38+02:00\" data-name=\"Janine Beuthien\"><div class=\"team-container visible post post-2369 dt_team type-dt_team status-publish has-post-thumbnail hentry dt_team_category-ergotherapeutin dt_team_category-48 description-off\"><div class=\"team-media\"><a href=\"https:\/\/www.ergotherapie-martina-gebhard.de\/cms\/dt_team\/janine-beuthien\/\" class=\"rollover layzr-bg\"><img decoding=\"async\" class=\"preload-me iso-lazy-load aspect\" src=\"data:image\/svg+xml,%3Csvg%20xmlns%3D&#39;http%3A%2F%2Fwww.w3.org%2F2000%2Fsvg&#39;%20viewBox%3D&#39;0%200%201707%201707&#39;%2F%3E\" data-src=\"https:\/\/www.ergotherapie-martina-gebhard.de\/cms\/wp-content\/uploads\/2025\/10\/IMG_2604-scaled-e1761552427208-1707x1707.jpg\" data-srcset=\"https:\/\/www.ergotherapie-martina-gebhard.de\/cms\/wp-content\/uploads\/2025\/10\/IMG_2604-scaled-e1761552427208-1707x1707.jpg 1707w\" loading=\"eager\" style=\"--ratio: 1707 \/ 1707\" sizes=\"(max-width: 1707px) 100vw, 1707px\" width=\"1707\" height=\"1707\"  title=\"IMG_2604\" alt=\"\" \/><\/a><\/div><div class=\"team-desc\"><div class=\"team-author\"><div class=\"team-author-name\"><a href=\"https:\/\/www.ergotherapie-martina-gebhard.de\/cms\/dt_team\/janine-beuthien\/\">Janine Beuthien<\/a><\/div><p>Ergotherapeutin<\/p><\/div><div class=\"team-content\"><\/div><\/div><\/div><\/div><div class=\"visible wf-cell iso-item category-58\" data-post-id=\"1484\" data-date=\"2020-06-19T16:03:18+02:00\" data-name=\"Carolin Reimer\"><div class=\"team-container visible post post-1484 dt_team type-dt_team status-publish has-post-thumbnail hentry dt_team_category-ergotherapeutin-fachliche-leitung dt_team_category-58 description-off\"><div class=\"team-media\"><a href=\"https:\/\/www.ergotherapie-martina-gebhard.de\/cms\/dt_team\/carolin-markmann\/\" class=\"rollover layzr-bg\"><img decoding=\"async\" class=\"preload-me iso-lazy-load aspect\" src=\"data:image\/svg+xml,%3Csvg%20xmlns%3D&#39;http%3A%2F%2Fwww.w3.org%2F2000%2Fsvg&#39;%20viewBox%3D&#39;0%200%201080%201080&#39;%2F%3E\" data-src=\"https:\/\/www.ergotherapie-martina-gebhard.de\/cms\/wp-content\/uploads\/2022\/10\/18-1-1080x1080.jpg\" data-srcset=\"https:\/\/www.ergotherapie-martina-gebhard.de\/cms\/wp-content\/uploads\/2022\/10\/18-1-1080x1080.jpg 1080w\" loading=\"eager\" style=\"--ratio: 1080 \/ 1080\" sizes=\"(max-width: 1080px) 100vw, 1080px\" width=\"1080\" height=\"1080\"   alt=\"\" \/><\/a><\/div><div class=\"team-desc\"><div class=\"team-author\"><div class=\"team-author-name\"><a href=\"https:\/\/www.ergotherapie-martina-gebhard.de\/cms\/dt_team\/carolin-markmann\/\">Carolin Reimer<\/a><\/div><p>Ergotherapeutin \/ Fachliche Leitung<\/p><\/div><div class=\"team-content\"><\/div><\/div><\/div><\/div><div class=\"visible wf-cell iso-item category-48\" data-post-id=\"1485\" data-date=\"2020-06-19T16:03:46+02:00\" data-name=\"Birga Petersen\"><div class=\"team-container visible post post-1485 dt_team type-dt_team status-publish has-post-thumbnail hentry dt_team_category-ergotherapeutin dt_team_category-48 description-off\"><div class=\"team-media\"><a href=\"https:\/\/www.ergotherapie-martina-gebhard.de\/cms\/dt_team\/birga-petersen\/\" class=\"rollover layzr-bg\"><img decoding=\"async\" class=\"preload-me iso-lazy-load aspect\" src=\"data:image\/svg+xml,%3Csvg%20xmlns%3D&#39;http%3A%2F%2Fwww.w3.org%2F2000%2Fsvg&#39;%20viewBox%3D&#39;0%200%20941%20941&#39;%2F%3E\" data-src=\"https:\/\/www.ergotherapie-martina-gebhard.de\/cms\/wp-content\/uploads\/2022\/10\/5-1-941x941.jpg\" data-srcset=\"https:\/\/www.ergotherapie-martina-gebhard.de\/cms\/wp-content\/uploads\/2022\/10\/5-1-941x941.jpg 941w\" loading=\"eager\" style=\"--ratio: 941 \/ 941\" sizes=\"(max-width: 941px) 100vw, 941px\" width=\"941\" height=\"941\"   alt=\"\" \/><\/a><\/div><div class=\"team-desc\"><div class=\"team-author\"><div class=\"team-author-name\"><a href=\"https:\/\/www.ergotherapie-martina-gebhard.de\/cms\/dt_team\/birga-petersen\/\">Birga Petersen<\/a><\/div><p>Ergotherapeutin<\/p><\/div><div class=\"team-content\"><\/div><\/div><\/div><\/div><div class=\"visible wf-cell iso-item category-48\" data-post-id=\"1486\" data-date=\"2020-06-19T16:04:16+02:00\" data-name=\"Nicole Maa\u00df\"><div class=\"team-container visible post post-1486 dt_team type-dt_team status-publish has-post-thumbnail hentry dt_team_category-ergotherapeutin dt_team_category-48 description-off\"><div class=\"team-media\"><a href=\"https:\/\/www.ergotherapie-martina-gebhard.de\/cms\/dt_team\/katharina-ibsen\/\" class=\"rollover layzr-bg\"><img decoding=\"async\" class=\"preload-me iso-lazy-load aspect\" src=\"data:image\/svg+xml,%3Csvg%20xmlns%3D&#39;http%3A%2F%2Fwww.w3.org%2F2000%2Fsvg&#39;%20viewBox%3D&#39;0%200%201707%201707&#39;%2F%3E\" data-src=\"https:\/\/www.ergotherapie-martina-gebhard.de\/cms\/wp-content\/uploads\/2020\/06\/IMG_2583-scaled-1707x1707.jpg\" data-srcset=\"https:\/\/www.ergotherapie-martina-gebhard.de\/cms\/wp-content\/uploads\/2020\/06\/IMG_2583-scaled-1707x1707.jpg 1707w\" loading=\"eager\" style=\"--ratio: 1707 \/ 1707\" sizes=\"(max-width: 1707px) 100vw, 1707px\" width=\"1707\" height=\"1707\"  title=\"IMG_2583\" alt=\"\" \/><\/a><\/div><div class=\"team-desc\"><div class=\"team-author\"><div class=\"team-author-name\"><a href=\"https:\/\/www.ergotherapie-martina-gebhard.de\/cms\/dt_team\/katharina-ibsen\/\">Nicole Maa\u00df<\/a><\/div><p>Ergotherapeutin<\/p><\/div><div class=\"team-content\"><\/div><\/div><\/div><\/div><div class=\"visible wf-cell iso-item category-48\" data-post-id=\"1489\" data-date=\"2020-06-19T16:05:43+02:00\" data-name=\"Maike Sievering\"><div class=\"team-container visible post post-1489 dt_team type-dt_team status-publish has-post-thumbnail hentry dt_team_category-ergotherapeutin dt_team_category-48 description-off\"><div class=\"team-media\"><a href=\"https:\/\/www.ergotherapie-martina-gebhard.de\/cms\/dt_team\/maike-sievering\/\" class=\"rollover layzr-bg\"><img decoding=\"async\" class=\"preload-me iso-lazy-load aspect\" src=\"data:image\/svg+xml,%3Csvg%20xmlns%3D&#39;http%3A%2F%2Fwww.w3.org%2F2000%2Fsvg&#39;%20viewBox%3D&#39;0%200%20969%20969&#39;%2F%3E\" data-src=\"https:\/\/www.ergotherapie-martina-gebhard.de\/cms\/wp-content\/uploads\/2022\/10\/11-1-969x969.jpg\" data-srcset=\"https:\/\/www.ergotherapie-martina-gebhard.de\/cms\/wp-content\/uploads\/2022\/10\/11-1-969x969.jpg 969w\" loading=\"eager\" style=\"--ratio: 969 \/ 969\" sizes=\"(max-width: 969px) 100vw, 969px\" width=\"969\" height=\"969\"   alt=\"\" \/><\/a><\/div><div class=\"team-desc\"><div class=\"team-author\"><div class=\"team-author-name\"><a href=\"https:\/\/www.ergotherapie-martina-gebhard.de\/cms\/dt_team\/maike-sievering\/\">Maike Sievering<\/a><\/div><p>Ergotherapeutin<\/p><\/div><div class=\"team-content\"><\/div><\/div><\/div><\/div><div class=\"visible wf-cell iso-item category-48\" data-post-id=\"1491\" data-date=\"2020-06-19T16:06:32+02:00\" data-name=\"Jule Sandberg\"><div class=\"team-container visible post post-1491 dt_team type-dt_team status-publish has-post-thumbnail hentry dt_team_category-ergotherapeutin dt_team_category-48 description-off\"><div class=\"team-media\"><a href=\"https:\/\/www.ergotherapie-martina-gebhard.de\/cms\/dt_team\/jule-sandberg\/\" class=\"rollover layzr-bg\"><img decoding=\"async\" class=\"preload-me iso-lazy-load aspect\" src=\"data:image\/svg+xml,%3Csvg%20xmlns%3D&#39;http%3A%2F%2Fwww.w3.org%2F2000%2Fsvg&#39;%20viewBox%3D&#39;0%200%201707%201707&#39;%2F%3E\" data-src=\"https:\/\/www.ergotherapie-martina-gebhard.de\/cms\/wp-content\/uploads\/2020\/06\/IMG_2609-scaled-1707x1707.jpg\" data-srcset=\"https:\/\/www.ergotherapie-martina-gebhard.de\/cms\/wp-content\/uploads\/2020\/06\/IMG_2609-scaled-1707x1707.jpg 1707w\" loading=\"eager\" style=\"--ratio: 1707 \/ 1707\" sizes=\"(max-width: 1707px) 100vw, 1707px\" width=\"1707\" height=\"1707\"  title=\"IMG_2609\" alt=\"\" \/><\/a><\/div><div class=\"team-desc\"><div class=\"team-author\"><div class=\"team-author-name\"><a href=\"https:\/\/www.ergotherapie-martina-gebhard.de\/cms\/dt_team\/jule-sandberg\/\">Jule Sandberg<\/a><\/div><p>Ergotherapeutin<\/p><\/div><div class=\"team-content\"><\/div><\/div><\/div><\/div><div class=\"visible wf-cell iso-item category-47\" data-post-id=\"1494\" data-date=\"2021-06-19T16:08:26+02:00\" data-name=\"Susan Grundt\"><div class=\"team-container visible post post-1494 dt_team type-dt_team status-publish has-post-thumbnail hentry dt_team_category-teamassistenz dt_team_category-47 description-off\"><div class=\"team-media\"><a href=\"https:\/\/www.ergotherapie-martina-gebhard.de\/cms\/dt_team\/susan-grundt\/\" class=\"rollover layzr-bg\"><img decoding=\"async\" class=\"preload-me iso-lazy-load aspect\" src=\"data:image\/svg+xml,%3Csvg%20xmlns%3D&#39;http%3A%2F%2Fwww.w3.org%2F2000%2Fsvg&#39;%20viewBox%3D&#39;0%200%201080%201080&#39;%2F%3E\" data-src=\"https:\/\/www.ergotherapie-martina-gebhard.de\/cms\/wp-content\/uploads\/2022\/10\/10-1-1080x1080.jpg\" data-srcset=\"https:\/\/www.ergotherapie-martina-gebhard.de\/cms\/wp-content\/uploads\/2022\/10\/10-1-1080x1080.jpg 1080w\" loading=\"eager\" style=\"--ratio: 1080 \/ 1080\" sizes=\"(max-width: 1080px) 100vw, 1080px\" width=\"1080\" height=\"1080\"   alt=\"\" \/><\/a><\/div><div class=\"team-desc\"><div class=\"team-author\"><div class=\"team-author-name\"><a href=\"https:\/\/www.ergotherapie-martina-gebhard.de\/cms\/dt_team\/susan-grundt\/\">Susan Grundt<\/a><\/div><p>Teamassistenz<\/p><\/div><div class=\"team-content\"><\/div><\/div><\/div><\/div><div class=\"visible wf-cell iso-item category-47\" data-post-id=\"1881\" data-date=\"2021-08-07T11:44:39+02:00\" data-name=\"Yvonne Hellwig\"><div class=\"team-container visible post post-1881 dt_team type-dt_team status-publish has-post-thumbnail hentry dt_team_category-teamassistenz dt_team_category-47 description-off\"><div class=\"team-media\"><a href=\"https:\/\/www.ergotherapie-martina-gebhard.de\/cms\/dt_team\/yvonne-hellwig\/\" class=\"rollover layzr-bg\"><img decoding=\"async\" class=\"preload-me iso-lazy-load aspect\" src=\"data:image\/svg+xml,%3Csvg%20xmlns%3D&#39;http%3A%2F%2Fwww.w3.org%2F2000%2Fsvg&#39;%20viewBox%3D&#39;0%200%201080%201080&#39;%2F%3E\" data-src=\"https:\/\/www.ergotherapie-martina-gebhard.de\/cms\/wp-content\/uploads\/2022\/10\/8-1-1080x1080.jpg\" data-srcset=\"https:\/\/www.ergotherapie-martina-gebhard.de\/cms\/wp-content\/uploads\/2022\/10\/8-1-1080x1080.jpg 1080w\" loading=\"eager\" style=\"--ratio: 1080 \/ 1080\" sizes=\"(max-width: 1080px) 100vw, 1080px\" width=\"1080\" height=\"1080\"   alt=\"\" \/><\/a><\/div><div class=\"team-desc\"><div class=\"team-author\"><div class=\"team-author-name\"><a href=\"https:\/\/www.ergotherapie-martina-gebhard.de\/cms\/dt_team\/yvonne-hellwig\/\">Yvonne Hellwig<\/a><\/div><p>Teamassistenz<\/p><\/div><div class=\"team-content\"><\/div><\/div><\/div><\/div><div class=\"visible wf-cell iso-item category-50\" data-post-id=\"1948\" data-date=\"2022-07-07T16:57:09+02:00\" data-name=\"Hazel\"><div class=\"team-container visible post post-1948 dt_team type-dt_team status-publish has-post-thumbnail hentry dt_team_category-co-therapeut dt_team_category-50 description-off\"><div class=\"team-media\"><a href=\"https:\/\/www.ergotherapie-martina-gebhard.de\/cms\/dt_team\/hund-2\/\" class=\"rollover layzr-bg\"><img decoding=\"async\" class=\"preload-me iso-lazy-load aspect\" src=\"data:image\/svg+xml,%3Csvg%20xmlns%3D&#39;http%3A%2F%2Fwww.w3.org%2F2000%2Fsvg&#39;%20viewBox%3D&#39;0%200%201080%201080&#39;%2F%3E\" data-src=\"https:\/\/www.ergotherapie-martina-gebhard.de\/cms\/wp-content\/uploads\/2022\/10\/13-1-1080x1080.jpg\" data-srcset=\"https:\/\/www.ergotherapie-martina-gebhard.de\/cms\/wp-content\/uploads\/2022\/10\/13-1-1080x1080.jpg 1080w\" loading=\"eager\" style=\"--ratio: 1080 \/ 1080\" sizes=\"(max-width: 1080px) 100vw, 1080px\" width=\"1080\" height=\"1080\"   alt=\"\" \/><\/a><\/div><div class=\"team-desc\"><div class=\"team-author\"><div class=\"team-author-name\"><a href=\"https:\/\/www.ergotherapie-martina-gebhard.de\/cms\/dt_team\/hund-2\/\">Hazel<\/a><\/div><p>Co-Therapeut<\/p><\/div><div class=\"team-content\"><\/div><\/div><\/div><\/div><div class=\"visible wf-cell iso-item category-50\" data-post-id=\"2466\" data-date=\"2025-10-27T08:54:42+01:00\" data-name=\"Paula\"><div class=\"team-container visible post post-2466 dt_team type-dt_team status-publish has-post-thumbnail hentry dt_team_category-co-therapeut dt_team_category-50 description-off\"><div class=\"team-media\"><a href=\"https:\/\/www.ergotherapie-martina-gebhard.de\/cms\/dt_team\/paula\/\" class=\"rollover layzr-bg\"><img decoding=\"async\" class=\"preload-me iso-lazy-load aspect\" src=\"data:image\/svg+xml,%3Csvg%20xmlns%3D&#39;http%3A%2F%2Fwww.w3.org%2F2000%2Fsvg&#39;%20viewBox%3D&#39;0%200%201707%201707&#39;%2F%3E\" data-src=\"https:\/\/www.ergotherapie-martina-gebhard.de\/cms\/wp-content\/uploads\/2025\/10\/IMG_2601-scaled-1707x1707.jpg\" data-srcset=\"https:\/\/www.ergotherapie-martina-gebhard.de\/cms\/wp-content\/uploads\/2025\/10\/IMG_2601-scaled-1707x1707.jpg 1707w\" loading=\"eager\" style=\"--ratio: 1707 \/ 1707\" sizes=\"(max-width: 1707px) 100vw, 1707px\" width=\"1707\" height=\"1707\"  title=\"IMG_2601\" alt=\"\" \/><\/a><\/div><div class=\"team-desc\"><div class=\"team-author\"><div class=\"team-author-name\"><a href=\"https:\/\/www.ergotherapie-martina-gebhard.de\/cms\/dt_team\/paula\/\">Paula<\/a><\/div><p>Co-Therapeut<\/p><\/div><div class=\"team-content\"><\/div><\/div><\/div><\/div><\/div><!-- iso-container|iso-grid --><\/div>[\/vc_column][\/vc_row][vc_row full_width=&#8220;stretch_row_content_no_spaces&#8220; bg_type=&#8220;image&#8220; parallax_style=&#8220;vcpb-vz-jquery&#8220; bg_image_new=&#8220;id^1619|url^https:\/\/www.ergotherapie-martina-gebhard.de\/cms\/wp-content\/uploads\/2022\/06\/Hintergrundbild-e1670620516311.jpg|caption^null|alt^null|title^Hintergrundbild|description^null&#8220;][vc_column]<div class=\"ult-spacer spacer-69f1cc76d9f67\" data-id=\"69f1cc76d9f67\" data-height=\"300\" data-height-mobile=\"300\" data-height-tab=\"300\" data-height-tab-portrait=\"\" data-height-mobile-landscape=\"\" style=\"clear:both;display:block;\"><\/div>[\/vc_column][\/vc_row][vc_row full_width=&#8220;stretch_row_content_no_spaces&#8220; content_placement=&#8220;middle&#8220; parallax=&#8220;content-moving&#8220; css=&#8220;.vc_custom_1670623743654{background-color: #ffffff !important;}&#8220;][vc_column width=&#8220;1\/6&#8243;][\/vc_column][vc_column width=&#8220;2\/3&#8243;]<div class=\"ult-spacer spacer-69f1cc76d9f8f\" data-id=\"69f1cc76d9f8f\" data-height=\"100\" data-height-mobile=\"100\" data-height-tab=\"100\" data-height-tab-portrait=\"\" data-height-mobile-landscape=\"\" style=\"clear:both;display:block;\"><\/div><div id=\"ultimate-heading-262769f1cc76d9fd3\" class=\"uvc-heading ult-adjust-bottom-margin ultimate-heading-262769f1cc76d9fd3 uvc-4972 \" data-hspacer=\"no_spacer\"  data-halign=\"center\" style=\"text-align:center\"><div class=\"uvc-heading-spacer no_spacer\" style=\"top\"><\/div><div class=\"uvc-main-heading ult-responsive\"  data-ultimate-target='.uvc-heading.ultimate-heading-262769f1cc76d9fd3 div'  data-responsive-json-new='{\"font-size\":\"desktop:44px;tablet_portrait:34px;\",\"line-height\":\"desktop:54px;tablet_portrait:44px;\"}' ><div style=\"--font-weight:theme;color:#000000;margin-bottom:20px;\">Besuch meinen Blog<\/div><\/div><\/div><div class=\"ult-spacer spacer-69f1cc76da049\" data-id=\"69f1cc76da049\" data-height=\"50\" data-height-mobile=\"50\" data-height-tab=\"50\" data-height-tab-portrait=\"\" data-height-mobile-landscape=\"\" style=\"clear:both;display:block;\"><\/div>[vc_btn title=&#8220;Klick Hier&#8220; color=&#8220;danger&#8220; align=&#8220;center&#8220; i_icon_fontawesome=&#8220;fas fa-play&#8220; css_animation=&#8220;bounceIn&#8220; add_icon=&#8220;true&#8220; smooth_scroll=&#8220;true&#8220; link=&#8220;url:https%3A%2F%2Fwww.ergotherapie-martina-gebhard.de%2Fcms%2Fblog%2F|title:Blog&#8220;]<div class=\"ult-spacer spacer-69f1cc76da05e\" data-id=\"69f1cc76da05e\" data-height=\"50\" data-height-mobile=\"50\" data-height-tab=\"50\" data-height-tab-portrait=\"\" data-height-mobile-landscape=\"\" style=\"clear:both;display:block;\"><\/div><div id=\"ultimate-heading-608269f1cc76da0a3\" class=\"uvc-heading ult-adjust-bottom-margin ultimate-heading-608269f1cc76da0a3 uvc-7707 \" data-hspacer=\"line_only\"  data-halign=\"center\" style=\"text-align:center\"><div class=\"uvc-heading-spacer line_only\" style=\"topheight:1px;\"><span class=\"uvc-headings-line\" style=\"border-style:solid;border-bottom-width:1px;border-color:#ccc;width:autopx;\"><\/span><\/div><div class=\"uvc-sub-heading ult-responsive\"  data-ultimate-target='.uvc-heading.ultimate-heading-608269f1cc76da0a3 .uvc-sub-heading '  data-responsive-json-new='{\"font-size\":\"desktop:20px;\",\"line-height\":\"desktop:34px;\"}'  style=\"font-weight:normal;color:#979fa3;\">Was sind die Auswirkungen von Autismus, Depressionen, \u00c4ngsten und sozialen Phobien im Alltag? Auf all diese Fragen gehe ich f\u00fcr euch n\u00e4her ein und Tipps um die t\u00e4glichen Herausforderungen, im Familienleben mit Kindern zu bew\u00e4ltigen. Jeden Sonntag erwartet dich ein neues Video!<\/div><\/div><div class=\"ult-spacer spacer-69f1cc76da0d6\" data-id=\"69f1cc76da0d6\" data-height=\"100\" data-height-mobile=\"100\" data-height-tab=\"100\" data-height-tab-portrait=\"\" data-height-mobile-landscape=\"\" style=\"clear:both;display:block;\"><\/div>[\/vc_column][vc_column width=&#8220;1\/6&#8243;][\/vc_column][\/vc_row]<\/p>\n<\/div>","protected":false},"excerpt":{"rendered":"<p>[vc_row content_placement=&#8220;middle&#8220; bg_type=&#8220;image&#8220; parallax_style=&#8220;vcpb-vz-jquery&#8220; bg_image_new=&#8220;id^1936|url^https:\/\/www.ergotherapie-martina-gebhard.de\/cms\/wp-content\/uploads\/2022\/12\/Hintergrundbild-hoch-scaled-e1670420287961.jpg|caption^null|alt^null|title^Hintergrundbild hoch|description^null&#8220; bg_image_repeat=&#8220;no-repeat&#8220; bg_override=&#8220;browser_size&#8220; disable_on_mobile_img_parallax=&#8220;disable_on_mobile_img_parallax_value&#8220; css=&#8220;.vc_custom_1670420290810{background-position: center !important;background-repeat: no-repeat !important;background-size: cover !important;}&#8220;][vc_column css_animation=&#8220;fadeInUp&#8220; width=&#8220;1\/2&#8243; offset=&#8220;vc_col-lg-offset-8 vc_col-lg-4 vc_col-md-offset-7 vc_col-md-5 vc_col-sm-offset-6 vc_hidden-sm vc_col-xs-offset-1 vc_col-xs-10 vc_hidden-xs&#8220; css=&#8220;.vc_custom_1571829624106{padding-top: 200px !important;padding-bottom: 80px !important;}&#8220;][\/vc_column][\/vc_row][vc_row equal_height=&#8220;yes&#8220; content_placement=&#8220;top&#8220; css=&#8220;.vc_custom_1571607283627{padding-top: 70px !important;padding-bottom: 50px !important;}&#8220; el_id=&#8220;welcome&#8220;][vc_column width=&#8220;1\/3&#8243; css=&#8220;.vc_custom_1571477821281{padding-bottom: 30px !important;}&#8220;][\/vc_column][vc_column width=&#8220;2\/3&#8243; css=&#8220;.vc_custom_1571477868281{padding-bottom: 30px !important;}&#8220;][\/vc_column][\/vc_row][vc_row css=&#8220;.vc_custom_1671666879451{padding-top: 50px !important;padding-bottom: 50px !important;}&#8220;][vc_column][\/vc_column][\/vc_row][vc_row full_width=&#8220;stretch_row_content_no_spaces&#8220; equal_height=&#8220;yes&#8220;&hellip;<\/p>\n","protected":false},"author":1,"featured_media":1819,"parent":0,"menu_order":5,"comment_status":"closed","ping_status":"closed","template":"","meta":{"footnotes":""},"class_list":["post-1431","page","type-page","status-publish","has-post-thumbnail","hentry","description-off"],"yoast_head":"<!-- This site is optimized with the Yoast SEO plugin v27.4 - https:\/\/yoast.com\/product\/yoast-seo-wordpress\/ -->\n<title>Praxis f\u00fcr Ergotherapie &amp; Autismus - Martina Gebhard<\/title>\n<meta name=\"description\" content=\"Praxis f\u00fcr Ergotherapie, Autismus, Neurologische- P\u00e4diatrische- und Psychische-Behandlung, Achtsamkeits- und Soziales Kompetenztraining L\u00fcbeck\" \/>\n<meta name=\"robots\" content=\"index, follow, max-snippet:-1, max-image-preview:large, max-video-preview:-1\" \/>\n<link rel=\"canonical\" href=\"https:\/\/www.ergotherapie-martina-gebhard.de\/cms\/\" \/>\n<meta property=\"og:locale\" content=\"de_DE\" \/>\n<meta property=\"og:type\" content=\"article\" \/>\n<meta property=\"og:title\" content=\"Praxis f\u00fcr Ergotherapie &amp; Autismus - Martina Gebhard\" \/>\n<meta property=\"og:description\" content=\"Praxis f\u00fcr Ergotherapie, Autismus, Neurologische- P\u00e4diatrische- und Psychische-Behandlung, Achtsamkeits- und Soziales Kompetenztraining L\u00fcbeck\" \/>\n<meta property=\"og:url\" content=\"https:\/\/www.ergotherapie-martina-gebhard.de\/cms\/\" \/>\n<meta property=\"og:site_name\" content=\"ergotherapie-martina-gebhard.de\" \/>\n<meta property=\"article:modified_time\" content=\"2023-02-13T19:43:56+00:00\" \/>\n<meta property=\"og:image\" content=\"https:\/\/www.ergotherapie-martina-gebhard.de\/cms\/wp-content\/uploads\/2022\/11\/Kopie-P1155775-2-scaled.jpg\" \/>\n\t<meta property=\"og:image:width\" content=\"2560\" \/>\n\t<meta property=\"og:image:height\" content=\"1280\" \/>\n\t<meta property=\"og:image:type\" content=\"image\/jpeg\" \/>\n<meta name=\"twitter:card\" content=\"summary_large_image\" \/>\n<meta name=\"twitter:label1\" content=\"Gesch\u00e4tzte Lesezeit\" \/>\n\t<meta name=\"twitter:data1\" content=\"5\u00a0Minuten\" \/>\n<script type=\"application\/ld+json\" class=\"yoast-schema-graph\">{\"@context\":\"https:\\\/\\\/schema.org\",\"@graph\":[{\"@type\":\"WebPage\",\"@id\":\"https:\\\/\\\/www.ergotherapie-martina-gebhard.de\\\/cms\\\/\",\"url\":\"https:\\\/\\\/www.ergotherapie-martina-gebhard.de\\\/cms\\\/\",\"name\":\"Praxis f\u00fcr Ergotherapie & Autismus - Martina Gebhard\",\"isPartOf\":{\"@id\":\"https:\\\/\\\/www.ergotherapie-martina-gebhard.de\\\/cms\\\/#website\"},\"primaryImageOfPage\":{\"@id\":\"https:\\\/\\\/www.ergotherapie-martina-gebhard.de\\\/cms\\\/#primaryimage\"},\"image\":{\"@id\":\"https:\\\/\\\/www.ergotherapie-martina-gebhard.de\\\/cms\\\/#primaryimage\"},\"thumbnailUrl\":\"https:\\\/\\\/www.ergotherapie-martina-gebhard.de\\\/cms\\\/wp-content\\\/uploads\\\/2022\\\/11\\\/Kopie-P1155775-2-scaled.jpg\",\"datePublished\":\"2019-09-16T09:00:35+00:00\",\"dateModified\":\"2023-02-13T19:43:56+00:00\",\"description\":\"Praxis f\u00fcr Ergotherapie, Autismus, Neurologische- P\u00e4diatrische- und Psychische-Behandlung, Achtsamkeits- und Soziales Kompetenztraining L\u00fcbeck\",\"breadcrumb\":{\"@id\":\"https:\\\/\\\/www.ergotherapie-martina-gebhard.de\\\/cms\\\/#breadcrumb\"},\"inLanguage\":\"de\",\"potentialAction\":[{\"@type\":\"ReadAction\",\"target\":[\"https:\\\/\\\/www.ergotherapie-martina-gebhard.de\\\/cms\\\/\"]}]},{\"@type\":\"ImageObject\",\"inLanguage\":\"de\",\"@id\":\"https:\\\/\\\/www.ergotherapie-martina-gebhard.de\\\/cms\\\/#primaryimage\",\"url\":\"https:\\\/\\\/www.ergotherapie-martina-gebhard.de\\\/cms\\\/wp-content\\\/uploads\\\/2022\\\/11\\\/Kopie-P1155775-2-scaled.jpg\",\"contentUrl\":\"https:\\\/\\\/www.ergotherapie-martina-gebhard.de\\\/cms\\\/wp-content\\\/uploads\\\/2022\\\/11\\\/Kopie-P1155775-2-scaled.jpg\",\"width\":2560,\"height\":1280},{\"@type\":\"BreadcrumbList\",\"@id\":\"https:\\\/\\\/www.ergotherapie-martina-gebhard.de\\\/cms\\\/#breadcrumb\",\"itemListElement\":[{\"@type\":\"ListItem\",\"position\":1,\"name\":\"Startseite\",\"item\":\"https:\\\/\\\/www.ergotherapie-martina-gebhard.de\\\/cms\\\/\"},{\"@type\":\"ListItem\",\"position\":2,\"name\":\"Home\"}]},{\"@type\":\"WebSite\",\"@id\":\"https:\\\/\\\/www.ergotherapie-martina-gebhard.de\\\/cms\\\/#website\",\"url\":\"https:\\\/\\\/www.ergotherapie-martina-gebhard.de\\\/cms\\\/\",\"name\":\"ergotherapie-martina-gebhard.de\",\"description\":\"Autismus &amp; Ergotherapeutische Behandlung\",\"potentialAction\":[{\"@type\":\"SearchAction\",\"target\":{\"@type\":\"EntryPoint\",\"urlTemplate\":\"https:\\\/\\\/www.ergotherapie-martina-gebhard.de\\\/cms\\\/?s={search_term_string}\"},\"query-input\":{\"@type\":\"PropertyValueSpecification\",\"valueRequired\":true,\"valueName\":\"search_term_string\"}}],\"inLanguage\":\"de\"}]}<\/script>\n<!-- \/ Yoast SEO plugin. -->","yoast_head_json":{"title":"Praxis f\u00fcr Ergotherapie & Autismus - Martina Gebhard","description":"Praxis f\u00fcr Ergotherapie, Autismus, Neurologische- P\u00e4diatrische- und Psychische-Behandlung, Achtsamkeits- und Soziales Kompetenztraining L\u00fcbeck","robots":{"index":"index","follow":"follow","max-snippet":"max-snippet:-1","max-image-preview":"max-image-preview:large","max-video-preview":"max-video-preview:-1"},"canonical":"https:\/\/www.ergotherapie-martina-gebhard.de\/cms\/","og_locale":"de_DE","og_type":"article","og_title":"Praxis f\u00fcr Ergotherapie & Autismus - Martina Gebhard","og_description":"Praxis f\u00fcr Ergotherapie, Autismus, Neurologische- P\u00e4diatrische- und Psychische-Behandlung, Achtsamkeits- und Soziales Kompetenztraining L\u00fcbeck","og_url":"https:\/\/www.ergotherapie-martina-gebhard.de\/cms\/","og_site_name":"ergotherapie-martina-gebhard.de","article_modified_time":"2023-02-13T19:43:56+00:00","og_image":[{"width":2560,"height":1280,"url":"https:\/\/www.ergotherapie-martina-gebhard.de\/cms\/wp-content\/uploads\/2022\/11\/Kopie-P1155775-2-scaled.jpg","type":"image\/jpeg"}],"twitter_card":"summary_large_image","twitter_misc":{"Gesch\u00e4tzte Lesezeit":"5\u00a0Minuten"},"schema":{"@context":"https:\/\/schema.org","@graph":[{"@type":"WebPage","@id":"https:\/\/www.ergotherapie-martina-gebhard.de\/cms\/","url":"https:\/\/www.ergotherapie-martina-gebhard.de\/cms\/","name":"Praxis f\u00fcr Ergotherapie & Autismus - Martina Gebhard","isPartOf":{"@id":"https:\/\/www.ergotherapie-martina-gebhard.de\/cms\/#website"},"primaryImageOfPage":{"@id":"https:\/\/www.ergotherapie-martina-gebhard.de\/cms\/#primaryimage"},"image":{"@id":"https:\/\/www.ergotherapie-martina-gebhard.de\/cms\/#primaryimage"},"thumbnailUrl":"https:\/\/www.ergotherapie-martina-gebhard.de\/cms\/wp-content\/uploads\/2022\/11\/Kopie-P1155775-2-scaled.jpg","datePublished":"2019-09-16T09:00:35+00:00","dateModified":"2023-02-13T19:43:56+00:00","description":"Praxis f\u00fcr Ergotherapie, Autismus, Neurologische- P\u00e4diatrische- und Psychische-Behandlung, Achtsamkeits- und Soziales Kompetenztraining L\u00fcbeck","breadcrumb":{"@id":"https:\/\/www.ergotherapie-martina-gebhard.de\/cms\/#breadcrumb"},"inLanguage":"de","potentialAction":[{"@type":"ReadAction","target":["https:\/\/www.ergotherapie-martina-gebhard.de\/cms\/"]}]},{"@type":"ImageObject","inLanguage":"de","@id":"https:\/\/www.ergotherapie-martina-gebhard.de\/cms\/#primaryimage","url":"https:\/\/www.ergotherapie-martina-gebhard.de\/cms\/wp-content\/uploads\/2022\/11\/Kopie-P1155775-2-scaled.jpg","contentUrl":"https:\/\/www.ergotherapie-martina-gebhard.de\/cms\/wp-content\/uploads\/2022\/11\/Kopie-P1155775-2-scaled.jpg","width":2560,"height":1280},{"@type":"BreadcrumbList","@id":"https:\/\/www.ergotherapie-martina-gebhard.de\/cms\/#breadcrumb","itemListElement":[{"@type":"ListItem","position":1,"name":"Startseite","item":"https:\/\/www.ergotherapie-martina-gebhard.de\/cms\/"},{"@type":"ListItem","position":2,"name":"Home"}]},{"@type":"WebSite","@id":"https:\/\/www.ergotherapie-martina-gebhard.de\/cms\/#website","url":"https:\/\/www.ergotherapie-martina-gebhard.de\/cms\/","name":"ergotherapie-martina-gebhard.de","description":"Autismus &amp; Ergotherapeutische Behandlung","potentialAction":[{"@type":"SearchAction","target":{"@type":"EntryPoint","urlTemplate":"https:\/\/www.ergotherapie-martina-gebhard.de\/cms\/?s={search_term_string}"},"query-input":{"@type":"PropertyValueSpecification","valueRequired":true,"valueName":"search_term_string"}}],"inLanguage":"de"}]}},"_links":{"self":[{"href":"https:\/\/www.ergotherapie-martina-gebhard.de\/cms\/wp-json\/wp\/v2\/pages\/1431","targetHints":{"allow":["GET"]}}],"collection":[{"href":"https:\/\/www.ergotherapie-martina-gebhard.de\/cms\/wp-json\/wp\/v2\/pages"}],"about":[{"href":"https:\/\/www.ergotherapie-martina-gebhard.de\/cms\/wp-json\/wp\/v2\/types\/page"}],"author":[{"embeddable":true,"href":"https:\/\/www.ergotherapie-martina-gebhard.de\/cms\/wp-json\/wp\/v2\/users\/1"}],"replies":[{"embeddable":true,"href":"https:\/\/www.ergotherapie-martina-gebhard.de\/cms\/wp-json\/wp\/v2\/comments?post=1431"}],"version-history":[{"count":10,"href":"https:\/\/www.ergotherapie-martina-gebhard.de\/cms\/wp-json\/wp\/v2\/pages\/1431\/revisions"}],"predecessor-version":[{"id":2248,"href":"https:\/\/www.ergotherapie-martina-gebhard.de\/cms\/wp-json\/wp\/v2\/pages\/1431\/revisions\/2248"}],"wp:featuredmedia":[{"embeddable":true,"href":"https:\/\/www.ergotherapie-martina-gebhard.de\/cms\/wp-json\/wp\/v2\/media\/1819"}],"wp:attachment":[{"href":"https:\/\/www.ergotherapie-martina-gebhard.de\/cms\/wp-json\/wp\/v2\/media?parent=1431"}],"curies":[{"name":"wp","href":"https:\/\/api.w.org\/{rel}","templated":true}]}}